{"id":38818,"date":"2025-04-10T12:09:11","date_gmt":"2025-04-10T10:09:11","guid":{"rendered":"https:\/\/myspainfood.com\/producto\/laktosefri-blandet-ost-250-g-el-gran-cardenal\/"},"modified":"2025-06-24T13:38:12","modified_gmt":"2025-06-24T11:38:12","slug":"laktosefri-blandet-ost-250-g-el-gran-cardenal","status":"publish","type":"product","link":"https:\/\/myspainfood.com\/da\/producto\/laktosefri-blandet-ost-250-g-el-gran-cardenal\/","title":{"rendered":"Laktosefri blandet ost 250 g El Gran Cardenal"},"content":{"rendered":"<div class=\"et_pb_blurb_container\">\n<div class=\"et_pb_blurb_container\">\n<div class=\"et_pb_blurb_container\">\n<h4 class=\"et_pb_module_header\">Laktosefri blanding<\/h4>\n<div class=\"et_pb_blurb_description\">Laktoseintolerante beh\u00f8ver ikke l\u00e6ngere at give afkald p\u00e5 en god ost.<\/p>\n<p>Fremstillet af f\u00e5re- og kom\u00e6lk, der er behandlet p\u00e5 passende vis for at fjerne laktose, f\u00e5r vi en ost med en mild intensitet, cremet konsistens og let s\u00f8dlig smag.<\/p>\n<p>Resten af familien vil ogs\u00e5 kunne lide den.<\/p><\/div>\n<\/div>\n<\/div>\n<\/div>\n","protected":false},"excerpt":{"rendered":"<p>Laktosefri blanding Laktoseintolerante beh\u00f8ver ikke l\u00e6ngere at give afkald p\u00e5 en god ost. Fremstillet af f\u00e5re- og kom\u00e6lk, der er behandlet p\u00e5 passende vis for at fjerne laktose, f\u00e5r vi en ost med en mild intensitet, cremet konsistens og let s\u00f8dlig smag. Resten af familien vil ogs\u00e5 kunne lide den.<\/p>\n","protected":false},"featured_media":38820,"template":"","meta":{"_et_pb_use_builder":"","_et_pb_old_content":"","_et_gb_content_width":""},"product_brand":[1319],"product_cat":[2752,1860,2292],"product_tag":[],"class_list":{"0":"post-38818","1":"product","2":"type-product","3":"status-publish","4":"has-post-thumbnail","6":"product_brand-el-gran-cardenal","7":"product_cat-haerdning","8":"product_cat-koldt","9":"product_cat-ost-og-polse-da","10":"product_shipping_class-kold-forsendelse","12":"first","13":"outofstock","14":"sale","15":"taxable","16":"shipping-taxable","17":"purchasable","18":"product-type-simple"},"_links":{"self":[{"href":"https:\/\/myspainfood.com\/da\/wp-json\/wp\/v2\/product\/38818","targetHints":{"allow":["GET"]}}],"collection":[{"href":"https:\/\/myspainfood.com\/da\/wp-json\/wp\/v2\/product"}],"about":[{"href":"https:\/\/myspainfood.com\/da\/wp-json\/wp\/v2\/types\/product"}],"wp:featuredmedia":[{"embeddable":true,"href":"https:\/\/myspainfood.com\/da\/wp-json\/wp\/v2\/media\/38820"}],"wp:attachment":[{"href":"https:\/\/myspainfood.com\/da\/wp-json\/wp\/v2\/media?parent=38818"}],"wp:term":[{"taxonomy":"product_brand","embeddable":true,"href":"https:\/\/myspainfood.com\/da\/wp-json\/wp\/v2\/product_brand?post=38818"},{"taxonomy":"product_cat","embeddable":true,"href":"https:\/\/myspainfood.com\/da\/wp-json\/wp\/v2\/product_cat?post=38818"},{"taxonomy":"product_tag","embeddable":true,"href":"https:\/\/myspainfood.com\/da\/wp-json\/wp\/v2\/product_tag?post=38818"}],"curies":[{"name":"wp","href":"https:\/\/api.w.org\/{rel}","templated":true}]}}