{"id":19244,"date":"2025-04-10T12:16:46","date_gmt":"2025-04-10T10:16:46","guid":{"rendered":"https:\/\/myspainfood.com\/producto\/los-1a-sardellen-und-anchovis-picarpicar\/"},"modified":"2026-01-13T13:56:24","modified_gmt":"2026-01-13T12:56:24","slug":"los-1a-sardellen-und-anchovis-picarpicar","status":"publish","type":"product","link":"https:\/\/myspainfood.com\/de\/producto\/los-1a-sardellen-und-anchovis-picarpicar\/","title":{"rendered":"Los 1a - Sardellen und Anchovis Picar&amp;Picar"},"content":{"rendered":"<p>LOT 1A: Eine ausgezeichnete Fischkonserve erster Qualit\u00e4t, bestehend aus: Sardellenfilet in Tripack 120gr (3 St\u00fcck), Kantabrisches Sardellenfilet 120gr (1 St\u00fcck), Sardellenfilet in \u00d6l 200gr (1 St\u00fcck), Sardellenfilet in Essig 200gr (1 St\u00fcck), Sardellenfilet in Knoblauch und Petersilie 200gr (1 St\u00fcck) und Sardellengei\u00dfeln 220gr (1 St\u00fcck).<\/p>\n<p>INHALT:<\/p>\n<ul>\n<li>Sardellenfilet:<\/li>\n<\/ul>\n<p>Tripack 120 gr: 3 St\u00fcck<\/p>\n<ul>\n<li>Sardellenfilet aus dem Golf von Biskaya:<\/li>\n<\/ul>\n<p>Tablett 120 gr: 1 St\u00fcck<\/p>\n<ul>\n<li>Sardellenfilet in \u00d6l:<\/li>\n<\/ul>\n<p>Tablett 200 gr: 1 St\u00fcck<\/p>\n<ul>\n<li>Sardellenfilet in Essig:<\/li>\n<\/ul>\n<p>Tablett 200 gr: 1 St\u00fcck<\/p>\n<ul>\n<li>Gew\u00fcrztes Anchovisfilet (Knoblauch und Petersilie):<\/li>\n<\/ul>\n<p>Tablett 200 gr: 1 St\u00fcck<\/p>\n<ul>\n<li>Banderilla de boquer\u00f3n:<\/li>\n<\/ul>\n<p>Tablett 220 gr: 1 St\u00fcck<\/p>\n","protected":false},"excerpt":{"rendered":"<p>LOT 1A: Eine ausgezeichnete Fischkonserve erster Qualit\u00e4t, bestehend aus: Sardellenfilet in Tripack 120gr (3 St\u00fcck), Kantabrisches Sardellenfilet 120gr (1 St\u00fcck), Sardellenfilet in \u00d6l 200gr (1 St\u00fcck), Sardellenfilet in Essig 200gr (1 St\u00fcck), Sardellenfilet in Knoblauch und Petersilie 200gr (1 St\u00fcck) und Sardellengei\u00dfeln 220gr (1 St\u00fcck). INHALT: Sardellenfilet: Tripack 120 gr: 3 St\u00fcck Sardellenfilet aus dem [&hellip;]<\/p>\n","protected":false},"featured_media":15696,"template":"","meta":{"_et_pb_use_builder":"","_et_pb_old_content":"","_et_gb_content_width":""},"product_brand":[1127],"product_cat":[1856,1893],"product_tag":[],"class_list":{"0":"post-19244","1":"product","2":"type-product","3":"status-publish","4":"has-post-thumbnail","6":"product_brand-picarpicar","7":"product_cat-kalt","8":"product_cat-sardellen-de","9":"product_shipping_class-kalter-versand","11":"first","12":"outofstock","13":"taxable","14":"shipping-taxable","15":"purchasable","16":"product-type-simple"},"_links":{"self":[{"href":"https:\/\/myspainfood.com\/de\/wp-json\/wp\/v2\/product\/19244","targetHints":{"allow":["GET"]}}],"collection":[{"href":"https:\/\/myspainfood.com\/de\/wp-json\/wp\/v2\/product"}],"about":[{"href":"https:\/\/myspainfood.com\/de\/wp-json\/wp\/v2\/types\/product"}],"wp:featuredmedia":[{"embeddable":true,"href":"https:\/\/myspainfood.com\/de\/wp-json\/wp\/v2\/media\/15696"}],"wp:attachment":[{"href":"https:\/\/myspainfood.com\/de\/wp-json\/wp\/v2\/media?parent=19244"}],"wp:term":[{"taxonomy":"product_brand","embeddable":true,"href":"https:\/\/myspainfood.com\/de\/wp-json\/wp\/v2\/product_brand?post=19244"},{"taxonomy":"product_cat","embeddable":true,"href":"https:\/\/myspainfood.com\/de\/wp-json\/wp\/v2\/product_cat?post=19244"},{"taxonomy":"product_tag","embeddable":true,"href":"https:\/\/myspainfood.com\/de\/wp-json\/wp\/v2\/product_tag?post=19244"}],"curies":[{"name":"wp","href":"https:\/\/api.w.org\/{rel}","templated":true}]}}