{"id":38816,"date":"2025-04-10T12:09:11","date_gmt":"2025-04-10T10:09:11","guid":{"rendered":"https:\/\/myspainfood.com\/producto\/laktosefreie-kaesemischung-250-gr-el-gran-cardenal\/"},"modified":"2025-06-24T13:37:45","modified_gmt":"2025-06-24T11:37:45","slug":"laktosefreie-kaesemischung-250-gr-el-gran-cardenal","status":"publish","type":"product","link":"https:\/\/myspainfood.com\/de\/producto\/laktosefreie-kaesemischung-250-gr-el-gran-cardenal\/","title":{"rendered":"Laktosefreie K\u00e4semischung 250 gr El Gran Cardenal"},"content":{"rendered":"<div class=\"et_pb_blurb_container\">\n<div class=\"et_pb_blurb_container\">\n<div class=\"et_pb_blurb_container\">\n<h4 class=\"et_pb_module_header\">Laktosefreie Mischung<\/h4>\n<div class=\"et_pb_blurb_description\">Menschen mit Laktoseintoleranz m\u00fcssen nicht mehr auf einen gro\u00dfartigen K\u00e4se verzichten.<\/p>\n<p>Hergestellt aus Schafs- und Kuhmilch, die entsprechend behandelt wurde, um Laktose zu eliminieren, erhalten wir einen K\u00e4se mit milder Intensit\u00e4t, cremiger Textur und leicht s\u00fc\u00dfem Geschmack.<\/p>\n<p>Auch der Rest der Familie wird ihn m\u00f6gen.<\/p><\/div>\n<\/div>\n<\/div>\n<\/div>\n","protected":false},"excerpt":{"rendered":"<p>Laktosefreie Mischung Menschen mit Laktoseintoleranz m\u00fcssen nicht mehr auf einen gro\u00dfartigen K\u00e4se verzichten. Hergestellt aus Schafs- und Kuhmilch, die entsprechend behandelt wurde, um Laktose zu eliminieren, erhalten wir einen K\u00e4se mit milder Intensit\u00e4t, cremiger Textur und leicht s\u00fc\u00dfem Geschmack. Auch der Rest der Familie wird ihn m\u00f6gen.<\/p>\n","protected":false},"featured_media":11754,"template":"","meta":{"_et_pb_use_builder":"","_et_pb_old_content":"","_et_gb_content_width":""},"product_brand":[1319],"product_cat":[2748,1856,2288],"product_tag":[],"class_list":{"0":"post-38816","1":"product","2":"type-product","3":"status-publish","4":"has-post-thumbnail","6":"product_brand-el-gran-cardenal","7":"product_cat-ausharten","8":"product_cat-kalt","9":"product_cat-kase-und-wurst","10":"product_shipping_class-kalter-versand","12":"first","13":"outofstock","14":"sale","15":"taxable","16":"shipping-taxable","17":"purchasable","18":"product-type-simple"},"_links":{"self":[{"href":"https:\/\/myspainfood.com\/de\/wp-json\/wp\/v2\/product\/38816","targetHints":{"allow":["GET"]}}],"collection":[{"href":"https:\/\/myspainfood.com\/de\/wp-json\/wp\/v2\/product"}],"about":[{"href":"https:\/\/myspainfood.com\/de\/wp-json\/wp\/v2\/types\/product"}],"wp:featuredmedia":[{"embeddable":true,"href":"https:\/\/myspainfood.com\/de\/wp-json\/wp\/v2\/media\/11754"}],"wp:attachment":[{"href":"https:\/\/myspainfood.com\/de\/wp-json\/wp\/v2\/media?parent=38816"}],"wp:term":[{"taxonomy":"product_brand","embeddable":true,"href":"https:\/\/myspainfood.com\/de\/wp-json\/wp\/v2\/product_brand?post=38816"},{"taxonomy":"product_cat","embeddable":true,"href":"https:\/\/myspainfood.com\/de\/wp-json\/wp\/v2\/product_cat?post=38816"},{"taxonomy":"product_tag","embeddable":true,"href":"https:\/\/myspainfood.com\/de\/wp-json\/wp\/v2\/product_tag?post=38816"}],"curies":[{"name":"wp","href":"https:\/\/api.w.org\/{rel}","templated":true}]}}