{"id":43256,"date":"2025-04-10T12:10:04","date_gmt":"2025-04-10T10:10:04","guid":{"rendered":"https:\/\/myspainfood.com\/producto\/senorio-de-nava-2021-ribera-wein-60-einheiten\/"},"modified":"2025-04-10T12:10:04","modified_gmt":"2025-04-10T10:10:04","slug":"senorio-de-nava-2021-ribera-wein-60-einheiten","status":"publish","type":"product","link":"https:\/\/myspainfood.com\/de\/producto\/senorio-de-nava-2021-ribera-wein-60-einheiten\/","title":{"rendered":"Se\u00f1or\u00edo de Nava 2021 Ribera Wein 60 Einheiten"},"content":{"rendered":"<p>Verkostungsnotizen Kirschrote Farbe, gut bedeckt, mit granatrotem Rand; kr\u00e4ftige und jugendliche Erscheinung, elegant, hell, unverwechselbar, die das Glas mit roter Spitze f\u00fcllt, wenn sie aus der Flasche f\u00e4llt. Komplexes und feines Aroma; sehr anhaltende Gew\u00fcrze, mit einer Spitze von balsamischen Aromen, ger\u00f6stetem Kaffee und Lakritze. Im Mund zeigt er sich konzentriert, herrlich strukturiert, reichhaltig, mit gutem Tannin, ausgewogen, mit einer salbungsvollen Note und hinterl\u00e4sst ein Gef\u00fchl von Finesse. Elegant, mit einer breiten Palette von Empfindungen.   <\/p>\n<p>Gastronomie-Empfehlenswerte Gerichte zu Fleisch, Fisch, Braten und Frischk\u00e4se.<\/p>\n","protected":false},"excerpt":{"rendered":"<p>Verkostungsnotizen Kirschrote Farbe, gut bedeckt, mit granatrotem Rand; kr\u00e4ftige und jugendliche Erscheinung, elegant, hell, unverwechselbar, die das Glas mit roter Spitze f\u00fcllt, wenn sie aus der Flasche f\u00e4llt. Komplexes und feines Aroma; sehr anhaltende Gew\u00fcrze, mit einer Spitze von balsamischen Aromen, ger\u00f6stetem Kaffee und Lakritze. Im Mund zeigt er sich konzentriert, herrlich strukturiert, reichhaltig, mit [&hellip;]<\/p>\n","protected":false},"featured_media":9720,"template":"","meta":{"_et_pb_use_builder":"","_et_pb_old_content":"","_et_gb_content_width":""},"product_brand":[1224],"product_cat":[7382,2968],"product_tag":[5258],"class_list":{"0":"post-43256","1":"product","2":"type-product","3":"status-publish","4":"has-post-thumbnail","6":"product_brand-senorio-de-nava","7":"product_cat-getranke-de","8":"product_cat-groshandel","9":"product_tag-erziehung","11":"first","12":"outofstock","13":"taxable","14":"shipping-taxable","15":"purchasable","16":"product-type-simple"},"_links":{"self":[{"href":"https:\/\/myspainfood.com\/de\/wp-json\/wp\/v2\/product\/43256","targetHints":{"allow":["GET"]}}],"collection":[{"href":"https:\/\/myspainfood.com\/de\/wp-json\/wp\/v2\/product"}],"about":[{"href":"https:\/\/myspainfood.com\/de\/wp-json\/wp\/v2\/types\/product"}],"wp:featuredmedia":[{"embeddable":true,"href":"https:\/\/myspainfood.com\/de\/wp-json\/wp\/v2\/media\/9720"}],"wp:attachment":[{"href":"https:\/\/myspainfood.com\/de\/wp-json\/wp\/v2\/media?parent=43256"}],"wp:term":[{"taxonomy":"product_brand","embeddable":true,"href":"https:\/\/myspainfood.com\/de\/wp-json\/wp\/v2\/product_brand?post=43256"},{"taxonomy":"product_cat","embeddable":true,"href":"https:\/\/myspainfood.com\/de\/wp-json\/wp\/v2\/product_cat?post=43256"},{"taxonomy":"product_tag","embeddable":true,"href":"https:\/\/myspainfood.com\/de\/wp-json\/wp\/v2\/product_tag?post=43256"}],"curies":[{"name":"wp","href":"https:\/\/api.w.org\/{rel}","templated":true}]}}