{"id":46871,"date":"2025-04-10T12:06:14","date_gmt":"2025-04-10T10:06:14","guid":{"rendered":"https:\/\/myspainfood.com\/producto\/pohja-valge-karbid-naturaalne-oti-90-g\/"},"modified":"2025-04-10T12:06:14","modified_gmt":"2025-04-10T10:06:14","slug":"pohja-valge-karbid-naturaalne-oti-90-g","status":"publish","type":"product","link":"https:\/\/myspainfood.com\/et\/producto\/pohja-valge-karbid-naturaalne-oti-90-g\/","title":{"rendered":"P\u00f5hja valge karbid naturaalne Oti 90 g"},"content":{"rendered":"<p>Oti Clams 90 gr on looduslik toode, mis on valmistatud <a href=\"http:\/\/www.conservasoti.es\/paginas\/historia.html\" target=\"_blank\" rel=\"noopener noreferrer nofollow\">traditsioonilisel<\/a> viisil.<\/p>\n<p>Koostisained: P\u00f5hjalik valge karbi, vesi, looduslikud l\u00f5hna- ja maitseained ja sool.<\/p>\n<p>Conservas Oti on peretraditsiooniga ettev\u00f5te, mille head t\u00f6\u00f6d on p\u00f5lvest p\u00f5lve edasi antud.<\/p>\n<p>Perekonna raske t\u00f6\u00f6 ja pingutused on suures osas v\u00f5imaldanud <span class=\"negrita\">Conservas Oti<\/span> kasvada ja laieneda.<\/p>\n<p>Peamised tegevusvaldkonnad on &#8220;From the Sea&#8221;, &#8220;From the Land&#8221; ja &#8220;From the Farm&#8221;.<\/p>\n<p>Merest: rannakarbid, Ventresca, Sardinillas, Melva&#8230; Bonito del norte Costera OTI 415 g <\/p>\n<p>Kohalike toodete hulka kuuluvad: piimherned, valged neeruubad, pinto oad, pardina l\u00e4\u00e4tsed&#8230;<\/p>\n<p>P\u00f5llumajandusettev\u00f5ttest: PUro de Oveja juust, Ibeeria tammet\u00f5rva sinki, tammet\u00f5rva Salchich\u00f3n, Ibeeria tammet\u00f5rva Chorizo&#8230;<\/p>\n<h4>Konservide peamised eelised<\/h4>\n<ol>\n<li>Nad s\u00e4ilitavad k\u00f5ik toidu enda toitumisomadused. Toit s\u00e4ilitab oma v\u00e4rskuse. <\/li>\n<li>Kasutatavad toiduained on tervislikud ja sobivad seet\u00f5ttu optimaalseks toitumiseks t\u00e4nu nende k\u00f5rgele vitamiini- ja valgusisaldusele.<\/li>\n<li>Nende toodete eluiga on pikem (tavaliselt 2-5 aastat).<\/li>\n<li>Konserve on v\u00e4ga lihtne s\u00e4ilitada, sest nende pakend on kergesti kasutatav.<\/li>\n<\/ol>\n<p>Kui soovite osta tuunikala v\u00f5i mis tahes muud liiki <a href=\"https:\/\/latiendadesami.com\/categoria-producto\/conservas\/\" rel=\"noopener noreferrer nofollow\" target=\"_blank\">konservi<\/a>, siis vaadake julgelt meie veebikataloogi, et n\u00e4ha meie <a href=\"https:\/\/latiendadesami.com\/categoria-producto\/conservas\/atun-y-bonito\/\" target=\"_blank\" rel=\"noopener noreferrer nofollow\">tuunikala<\/a> suurt valikut.<\/p>\n<p>Lisateabe saamiseks kirjutage meile.<\/p>\n","protected":false},"excerpt":{"rendered":"<p>Oti Clams 90 gr on looduslik toode, mis on valmistatud traditsioonilisel viisil. Koostisained: P\u00f5hjalik valge karbi, vesi, looduslikud l\u00f5hna- ja maitseained ja sool. Conservas Oti on peretraditsiooniga ettev\u00f5te, mille head t\u00f6\u00f6d on p\u00f5lvest p\u00f5lve edasi antud. Perekonna raske t\u00f6\u00f6 ja pingutused on suures osas v\u00f5imaldanud Conservas Oti kasvada ja laieneda. Peamised tegevusvaldkonnad on &#8220;From the [&hellip;]<\/p>\n","protected":false},"featured_media":46880,"template":"","meta":{"_et_pb_use_builder":"","_et_pb_old_content":"","_et_gb_content_width":""},"product_brand":[1075],"product_cat":[1939,1938],"product_tag":[],"class_list":{"0":"post-46871","1":"product","2":"type-product","3":"status-publish","4":"has-post-thumbnail","6":"product_brand-oti","7":"product_cat-klambrid","8":"product_cat-sailitab","10":"first","11":"outofstock","12":"taxable","13":"shipping-taxable","14":"purchasable","15":"product-type-variable"},"_links":{"self":[{"href":"https:\/\/myspainfood.com\/et\/wp-json\/wp\/v2\/product\/46871","targetHints":{"allow":["GET"]}}],"collection":[{"href":"https:\/\/myspainfood.com\/et\/wp-json\/wp\/v2\/product"}],"about":[{"href":"https:\/\/myspainfood.com\/et\/wp-json\/wp\/v2\/types\/product"}],"wp:featuredmedia":[{"embeddable":true,"href":"https:\/\/myspainfood.com\/et\/wp-json\/wp\/v2\/media\/46880"}],"wp:attachment":[{"href":"https:\/\/myspainfood.com\/et\/wp-json\/wp\/v2\/media?parent=46871"}],"wp:term":[{"taxonomy":"product_brand","embeddable":true,"href":"https:\/\/myspainfood.com\/et\/wp-json\/wp\/v2\/product_brand?post=46871"},{"taxonomy":"product_cat","embeddable":true,"href":"https:\/\/myspainfood.com\/et\/wp-json\/wp\/v2\/product_cat?post=46871"},{"taxonomy":"product_tag","embeddable":true,"href":"https:\/\/myspainfood.com\/et\/wp-json\/wp\/v2\/product_tag?post=46871"}],"curies":[{"name":"wp","href":"https:\/\/api.w.org\/{rel}","templated":true}]}}