{"id":38819,"date":"2025-04-10T12:09:11","date_gmt":"2025-04-10T10:09:11","guid":{"rendered":"https:\/\/myspainfood.com\/producto\/fromage-mixte-sans-lactose-250-gr-el-gran-cardenal\/"},"modified":"2025-06-24T13:37:38","modified_gmt":"2025-06-24T11:37:38","slug":"fromage-mixte-sans-lactose-250-gr-el-gran-cardenal","status":"publish","type":"product","link":"https:\/\/myspainfood.com\/fr\/producto\/fromage-mixte-sans-lactose-250-gr-el-gran-cardenal\/","title":{"rendered":"Fromage mixte sans lactose 250 gr El Gran Cardenal"},"content":{"rendered":"<div class=\"et_pb_blurb_container\">\n<div class=\"et_pb_blurb_container\">\n<div class=\"et_pb_blurb_container\">\n<h4 class=\"et_pb_module_header\">M\u00e9lange sans lactose<\/h4>\n<div class=\"et_pb_blurb_description\">Les personnes intol\u00e9rantes au lactose ne doivent plus renoncer \u00e0 un grand fromage.<\/p>\n<p>Fabriqu\u00e9 \u00e0 partir de lait de brebis et de vache, trait\u00e9 de mani\u00e8re appropri\u00e9e pour \u00e9liminer le lactose, nous obtenons un fromage \u00e0 l&rsquo;intensit\u00e9 douce, \u00e0 la texture cr\u00e9meuse et \u00e0 la saveur l\u00e9g\u00e8rement sucr\u00e9e.<\/p>\n<p>Le reste de la famille l&rsquo;appr\u00e9ciera \u00e9galement.<\/p><\/div>\n<\/div>\n<\/div>\n<\/div>\n","protected":false},"excerpt":{"rendered":"<p>M\u00e9lange sans lactose Les personnes intol\u00e9rantes au lactose ne doivent plus renoncer \u00e0 un grand fromage. Fabriqu\u00e9 \u00e0 partir de lait de brebis et de vache, trait\u00e9 de mani\u00e8re appropri\u00e9e pour \u00e9liminer le lactose, nous obtenons un fromage \u00e0 l&rsquo;intensit\u00e9 douce, \u00e0 la texture cr\u00e9meuse et \u00e0 la saveur l\u00e9g\u00e8rement sucr\u00e9e. Le reste de la [&hellip;]<\/p>\n","protected":false},"featured_media":11753,"template":"","meta":{"_et_pb_use_builder":"","_et_pb_old_content":"","_et_gb_content_width":""},"product_brand":[1319],"product_cat":[2754,1864,2295],"product_tag":[],"class_list":{"0":"post-38819","1":"product","2":"type-product","3":"status-publish","4":"has-post-thumbnail","6":"product_brand-el-gran-cardenal","7":"product_cat-durcissement","8":"product_cat-froid","9":"product_cat-fromage-et-saucisse","10":"product_shipping_class-expedition-a-froid","12":"first","13":"outofstock","14":"sale","15":"taxable","16":"shipping-taxable","17":"purchasable","18":"product-type-simple"},"_links":{"self":[{"href":"https:\/\/myspainfood.com\/fr\/wp-json\/wp\/v2\/product\/38819","targetHints":{"allow":["GET"]}}],"collection":[{"href":"https:\/\/myspainfood.com\/fr\/wp-json\/wp\/v2\/product"}],"about":[{"href":"https:\/\/myspainfood.com\/fr\/wp-json\/wp\/v2\/types\/product"}],"wp:featuredmedia":[{"embeddable":true,"href":"https:\/\/myspainfood.com\/fr\/wp-json\/wp\/v2\/media\/11753"}],"wp:attachment":[{"href":"https:\/\/myspainfood.com\/fr\/wp-json\/wp\/v2\/media?parent=38819"}],"wp:term":[{"taxonomy":"product_brand","embeddable":true,"href":"https:\/\/myspainfood.com\/fr\/wp-json\/wp\/v2\/product_brand?post=38819"},{"taxonomy":"product_cat","embeddable":true,"href":"https:\/\/myspainfood.com\/fr\/wp-json\/wp\/v2\/product_cat?post=38819"},{"taxonomy":"product_tag","embeddable":true,"href":"https:\/\/myspainfood.com\/fr\/wp-json\/wp\/v2\/product_tag?post=38819"}],"curies":[{"name":"wp","href":"https:\/\/api.w.org\/{rel}","templated":true}]}}