{"id":38702,"date":"2025-04-10T12:09:11","date_gmt":"2025-04-10T10:09:11","guid":{"rendered":"https:\/\/myspainfood.com\/producto\/misrus-suris-be-laktozes-250-gr-el-gran-cardenal\/"},"modified":"2025-06-24T13:37:09","modified_gmt":"2025-06-24T11:37:09","slug":"misrus-suris-be-laktozes-250-gr-el-gran-cardenal","status":"publish","type":"product","link":"https:\/\/myspainfood.com\/lt\/producto\/misrus-suris-be-laktozes-250-gr-el-gran-cardenal\/","title":{"rendered":"Mi\u0161rus s\u016bris be laktoz\u0117s 250 gr El Gran Cardenal"},"content":{"rendered":"<div class=\"et_pb_blurb_container\">\n<div class=\"et_pb_blurb_container\">\n<div class=\"et_pb_blurb_container\">\n<h4 class=\"et_pb_module_header\">Mi\u0161inys be laktoz\u0117s<\/h4>\n<div class=\"et_pb_blurb_description\">Laktoz\u0117s netoleruojantiems \u017emon\u0117ms nebereikia atsisakyti puikaus s\u016brio.<\/p>\n<p>Pagamintas i\u0161 avi\u0173 ir karvi\u0173 pieno, tinkamai apdoroto, kad b\u016bt\u0173 pa\u0161alinta laktoz\u0117, gaunamas \u0161velnaus intensyvumo, kremin\u0117s tekst\u016bros ir \u0161iek tiek saldaus skonio s\u016bris.<\/p>\n<p>Jis patiks ir kitiems \u0161eimos nariams.<\/p><\/div>\n<\/div>\n<\/div>\n<\/div>\n","protected":false},"excerpt":{"rendered":"<p>Mi\u0161inys be laktoz\u0117s Laktoz\u0117s netoleruojantiems \u017emon\u0117ms nebereikia atsisakyti puikaus s\u016brio. Pagamintas i\u0161 avi\u0173 ir karvi\u0173 pieno, tinkamai apdoroto, kad b\u016bt\u0173 pa\u0161alinta laktoz\u0117, gaunamas \u0161velnaus intensyvumo, kremin\u0117s tekst\u016bros ir \u0161iek tiek saldaus skonio s\u016bris. Jis patiks ir kitiems \u0161eimos nariams.<\/p>\n","protected":false},"featured_media":38704,"template":"","meta":{"_et_pb_use_builder":"","_et_pb_old_content":"","_et_gb_content_width":""},"product_brand":[1319],"product_cat":[2728,1812,2256],"product_tag":[],"class_list":{"0":"post-38702","1":"product","2":"type-product","3":"status-publish","4":"has-post-thumbnail","6":"product_brand-el-gran-cardenal","7":"product_cat-gydymas","8":"product_cat-saltas","9":"product_cat-suris-ir-desra","10":"product_shipping_class-saltoji-siunta","12":"first","13":"outofstock","14":"sale","15":"taxable","16":"shipping-taxable","17":"purchasable","18":"product-type-simple"},"_links":{"self":[{"href":"https:\/\/myspainfood.com\/lt\/wp-json\/wp\/v2\/product\/38702","targetHints":{"allow":["GET"]}}],"collection":[{"href":"https:\/\/myspainfood.com\/lt\/wp-json\/wp\/v2\/product"}],"about":[{"href":"https:\/\/myspainfood.com\/lt\/wp-json\/wp\/v2\/types\/product"}],"wp:featuredmedia":[{"embeddable":true,"href":"https:\/\/myspainfood.com\/lt\/wp-json\/wp\/v2\/media\/38704"}],"wp:attachment":[{"href":"https:\/\/myspainfood.com\/lt\/wp-json\/wp\/v2\/media?parent=38702"}],"wp:term":[{"taxonomy":"product_brand","embeddable":true,"href":"https:\/\/myspainfood.com\/lt\/wp-json\/wp\/v2\/product_brand?post=38702"},{"taxonomy":"product_cat","embeddable":true,"href":"https:\/\/myspainfood.com\/lt\/wp-json\/wp\/v2\/product_cat?post=38702"},{"taxonomy":"product_tag","embeddable":true,"href":"https:\/\/myspainfood.com\/lt\/wp-json\/wp\/v2\/product_tag?post=38702"}],"curies":[{"name":"wp","href":"https:\/\/api.w.org\/{rel}","templated":true}]}}