{"id":43664,"date":"2025-04-10T12:05:33","date_gmt":"2025-04-10T10:05:33","guid":{"rendered":"https:\/\/myspainfood.com\/producto\/olive-machacamoya\/"},"modified":"2025-04-10T12:05:33","modified_gmt":"2025-04-10T10:05:33","slug":"olive-machacamoya","status":"publish","type":"product","link":"https:\/\/myspainfood.com\/lt\/producto\/olive-machacamoya\/","title":{"rendered":"Olive Machacamoya"},"content":{"rendered":"<p>&#8222;Machacamoya&#8221; alyvuog\u0117s i\u0161siskiria joms b\u016bdingu kartoku skoniu. I\u0161rankiausiems skonio m\u0117g\u0117jams skirtos ovalios alyvuog\u0117s, pagardintos \u010desnaku ir paprika, aromatin\u0117mis \u017eolel\u0117mis ir actu. Tai labai populiari alyvuog\u0117 baruose. Puikiai tinka derinti su ispani\u0161ku vynu ar alaus bokalu.   <\/p>\n","protected":false},"excerpt":{"rendered":"<p>&#8222;Machacamoya&#8221; alyvuog\u0117s i\u0161siskiria joms b\u016bdingu kartoku skoniu. I\u0161rankiausiems skonio m\u0117g\u0117jams skirtos ovalios alyvuog\u0117s, pagardintos \u010desnaku ir paprika, aromatin\u0117mis \u017eolel\u0117mis ir actu. Tai labai populiari alyvuog\u0117 baruose. Puikiai tinka derinti su ispani\u0161ku vynu ar alaus bokalu.<\/p>\n","protected":false},"featured_media":43670,"template":"","meta":{"_et_pb_use_builder":"","_et_pb_old_content":"","_et_gb_content_width":""},"product_brand":[1057],"product_cat":[1718,1715],"product_tag":[8940],"class_list":{"0":"post-43664","1":"product","2":"type-product","3":"status-publish","4":"has-post-thumbnail","6":"product_brand-la-encajera","7":"product_cat-alyvuoges","8":"product_cat-pickles-lt","9":"product_tag-machacamoya-lt","11":"first","12":"outofstock","13":"taxable","14":"shipping-taxable","15":"product-type-variable"},"_links":{"self":[{"href":"https:\/\/myspainfood.com\/lt\/wp-json\/wp\/v2\/product\/43664","targetHints":{"allow":["GET"]}}],"collection":[{"href":"https:\/\/myspainfood.com\/lt\/wp-json\/wp\/v2\/product"}],"about":[{"href":"https:\/\/myspainfood.com\/lt\/wp-json\/wp\/v2\/types\/product"}],"wp:featuredmedia":[{"embeddable":true,"href":"https:\/\/myspainfood.com\/lt\/wp-json\/wp\/v2\/media\/43670"}],"wp:attachment":[{"href":"https:\/\/myspainfood.com\/lt\/wp-json\/wp\/v2\/media?parent=43664"}],"wp:term":[{"taxonomy":"product_brand","embeddable":true,"href":"https:\/\/myspainfood.com\/lt\/wp-json\/wp\/v2\/product_brand?post=43664"},{"taxonomy":"product_cat","embeddable":true,"href":"https:\/\/myspainfood.com\/lt\/wp-json\/wp\/v2\/product_cat?post=43664"},{"taxonomy":"product_tag","embeddable":true,"href":"https:\/\/myspainfood.com\/lt\/wp-json\/wp\/v2\/product_tag?post=43664"}],"curies":[{"name":"wp","href":"https:\/\/api.w.org\/{rel}","templated":true}]}}