{"id":26649,"date":"2025-04-10T12:07:15","date_gmt":"2025-04-10T10:07:15","guid":{"rendered":"https:\/\/myspainfood.com\/producto\/andaluzijas-skumbrija-d-o-olivella\/"},"modified":"2025-04-10T12:07:15","modified_gmt":"2025-04-10T10:07:15","slug":"andaluzijas-skumbrija-d-o-olivella","status":"publish","type":"product","link":"https:\/\/myspainfood.com\/lv\/producto\/andaluzijas-skumbrija-d-o-olivella\/","title":{"rendered":"Andal\u016bzijas skumbrija D.O. ol\u012bve\u013c\u013ca"},"content":{"rendered":"<p style=\"text-align: left\">T\u012bra Andal\u016bzijas makreles fileja, iepakota stikla burk\u0101 un met\u0101la kapsul\u0101.<\/p>\n<p style=\"text-align: left\">Ra\u017eo\u0161ana un kvalit\u0101te, kas noteikta ar <span class=\"file\">Andal\u016bzijas aizsarg\u0101to \u0123eogr\u0101fisk\u0101s izcelsmes nor\u0101\u017eu regulat\u012bv\u0101s padomes,<\/span> kurai pieder <a href=\"https:\/\/pesasur.com\/calidad\/\" target=\"_blank\" rel=\"noopener noreferrer nofollow\">Pesasur<\/a>, noteikumiem par Andal\u016bzijas makre\u013cu un fregates makre\u013cu aizsarg\u0101taj\u0101m \u0123eogr\u0101fisk\u0101s izcelsmes nor\u0101d\u0113m.<\/p>\n<p style=\"text-align: left\">Pel\u0113kbalta kr\u0101sa, gluda konsistence un pat\u012bkama smar\u017ea, rakstur\u012bga, unik\u0101la gar\u0161a.<\/p>\n<p><strong>SAST\u0100VDA\u013bAS<\/strong><\/p>\n<ul>\n<li>Makreles<\/li>\n<li>Ol\u012bve\u013c\u013ca<\/li>\n<li>S\u0101ls<\/li>\n<\/ul>\n<p>PESASUR izmanto Andal\u016bzijas skumbrijas (Andal\u016bzijas re\u0123iona \u012bpa\u0161ais cilmes vietas nosaukums I.G.P.), kuras liel\u0101ko da\u013cu gada tiek p\u0101rstr\u0101d\u0101tas svaigas r\u016bpn\u012bc\u0101.<\/p>\n<p>PESASUR ra\u017eo\u0161anas proces\u0101 neizmanto \u0137\u012bmiskus produktus, un darbasp\u0113ka pieredze, kas jau paaudz\u0113m ilgi str\u0101d\u0101 ar makre\u013cu fileju, nodro\u0161ina nevainojamu zivju t\u012br\u012bbu un lielisku fileju noform\u0113jumu visu form\u0101tu burk\u0101s un konservu k\u0101rb\u0101s.<\/p>\n<h4>Galven\u0101s konservu priek\u0161roc\u012bbas<\/h4>\n<ol>\n<li>Tie saglab\u0101 visas p\u0101rtikas produkta uzturv\u0113rt\u012bbas. P\u0101rtika saglab\u0101 savu svaigumu. <\/li>\n<li>Izmantotie p\u0101rtikas produkti ir vesel\u012bgi un t\u0101p\u0113c piem\u0113roti optim\u0101lam uzturam, jo tajos ir liels vitam\u012bnu un olbaltumvielu saturs.<\/li>\n<li>\u0160iem izstr\u0101d\u0101jumiem ir ilg\u0101ks kalpo\u0161anas laiks (parasti 2-5 gadi).<\/li>\n<li>Konservi ir \u013coti \u0113rti uzglab\u0101jami, jo to iepakojums ir viegli uzkl\u0101jams.<\/li>\n<\/ol>\n<p>Ja v\u0113laties ieg\u0101d\u0101ties Andal\u016bzijas makreles vai cita veida <a href=\"https:\/\/latiendadesami.com\/categoria-producto\/conservas\/\" rel=\"noopener noreferrer nofollow\" target=\"_blank\">konservus<\/a>, nevilcinieties iel\u016bkoties m\u016bsu tie\u0161saistes katalog\u0101, lai iepaz\u012btos ar m\u016bsu pla\u0161o <a href=\"https:\/\/latiendadesami.com\/categoria-producto\/conservas\/atun-y-bonito\/\" target=\"_blank\" rel=\"noopener noreferrer nofollow\">tunzivju<\/a> kl\u0101stu.<\/p>\n<p>Lai ieg\u016btu vair\u0101k inform\u0101cijas, rakstiet mums.<\/p>\n","protected":false},"excerpt":{"rendered":"<p>Andal\u016bzijas skumbrijas ol\u012bve\u013c\u013ca<\/p>\n","protected":false},"featured_media":26654,"template":"","meta":{"_et_pb_use_builder":"","_et_pb_old_content":"","_et_gb_content_width":""},"product_brand":[1205],"product_cat":[3381,1963],"product_tag":[],"class_list":{"0":"post-26649","1":"product","2":"type-product","3":"status-publish","4":"has-post-thumbnail","6":"product_brand-pesasur","7":"product_cat-makrele","8":"product_cat-saglaba","10":"first","11":"outofstock","12":"taxable","13":"shipping-taxable","14":"product-type-variable"},"_links":{"self":[{"href":"https:\/\/myspainfood.com\/lv\/wp-json\/wp\/v2\/product\/26649","targetHints":{"allow":["GET"]}}],"collection":[{"href":"https:\/\/myspainfood.com\/lv\/wp-json\/wp\/v2\/product"}],"about":[{"href":"https:\/\/myspainfood.com\/lv\/wp-json\/wp\/v2\/types\/product"}],"wp:featuredmedia":[{"embeddable":true,"href":"https:\/\/myspainfood.com\/lv\/wp-json\/wp\/v2\/media\/26654"}],"wp:attachment":[{"href":"https:\/\/myspainfood.com\/lv\/wp-json\/wp\/v2\/media?parent=26649"}],"wp:term":[{"taxonomy":"product_brand","embeddable":true,"href":"https:\/\/myspainfood.com\/lv\/wp-json\/wp\/v2\/product_brand?post=26649"},{"taxonomy":"product_cat","embeddable":true,"href":"https:\/\/myspainfood.com\/lv\/wp-json\/wp\/v2\/product_cat?post=26649"},{"taxonomy":"product_tag","embeddable":true,"href":"https:\/\/myspainfood.com\/lv\/wp-json\/wp\/v2\/product_tag?post=26649"}],"curies":[{"name":"wp","href":"https:\/\/api.w.org\/{rel}","templated":true}]}}