{"id":38706,"date":"2025-04-10T12:09:11","date_gmt":"2025-04-10T10:09:11","guid":{"rendered":"https:\/\/myspainfood.com\/producto\/siera-maisijums-bez-laktozes-250-gr-el-gran-cardenal\/"},"modified":"2025-06-24T13:36:59","modified_gmt":"2025-06-24T11:36:59","slug":"siera-maisijums-bez-laktozes-250-gr-el-gran-cardenal","status":"publish","type":"product","link":"https:\/\/myspainfood.com\/lv\/producto\/siera-maisijums-bez-laktozes-250-gr-el-gran-cardenal\/","title":{"rendered":"Siera mais\u012bjums bez laktozes 250 gr El Gran Cardenal"},"content":{"rendered":"<div class=\"et_pb_blurb_container\">\n<div class=\"et_pb_blurb_container\">\n<div class=\"et_pb_blurb_container\">\n<h4 class=\"et_pb_module_header\">Mais\u012bjums bez laktozes<\/h4>\n<div class=\"et_pb_blurb_description\">Cilv\u0113kiem ar laktozes nepanes\u012bbu vairs nav j\u0101atsak\u0101s no lieliska siera.<\/p>\n<p>Izgatavots no aitas un govs piena, kas atbilsto\u0161i apstr\u0101d\u0101ts, lai nov\u0113rstu laktozes kl\u0101tb\u016btni, ieg\u016bstam sieru ar maigu intensit\u0101ti, kr\u0113m\u012bgu konsistenci un nedaudz saldenu gar\u0161u.<\/p>\n<p>Tas patiks ar\u012b p\u0101r\u0113jiem \u0123imenes locek\u013ciem.<\/p><\/div>\n<\/div>\n<\/div>\n<\/div>\n","protected":false},"excerpt":{"rendered":"<p>Mais\u012bjums bez laktozes Cilv\u0113kiem ar laktozes nepanes\u012bbu vairs nav j\u0101atsak\u0101s no lieliska siera. Izgatavots no aitas un govs piena, kas atbilsto\u0161i apstr\u0101d\u0101ts, lai nov\u0113rstu laktozes kl\u0101tb\u016btni, ieg\u016bstam sieru ar maigu intensit\u0101ti, kr\u0113m\u012bgu konsistenci un nedaudz saldenu gar\u0161u. Tas patiks ar\u012b p\u0101r\u0113jiem \u0123imenes locek\u013ciem.<\/p>\n","protected":false},"featured_media":38708,"template":"","meta":{"_et_pb_use_builder":"","_et_pb_old_content":"","_et_gb_content_width":""},"product_brand":[1319],"product_cat":[2732,1821,2274],"product_tag":[],"class_list":{"0":"post-38706","1":"product","2":"type-product","3":"status-publish","4":"has-post-thumbnail","6":"product_brand-el-gran-cardenal","7":"product_cat-arstesana","8":"product_cat-cold","9":"product_cat-siers-un-desa","10":"product_shipping_class-aukstuma-sutijums","12":"first","13":"outofstock","14":"sale","15":"taxable","16":"shipping-taxable","17":"purchasable","18":"product-type-simple"},"_links":{"self":[{"href":"https:\/\/myspainfood.com\/lv\/wp-json\/wp\/v2\/product\/38706","targetHints":{"allow":["GET"]}}],"collection":[{"href":"https:\/\/myspainfood.com\/lv\/wp-json\/wp\/v2\/product"}],"about":[{"href":"https:\/\/myspainfood.com\/lv\/wp-json\/wp\/v2\/types\/product"}],"wp:featuredmedia":[{"embeddable":true,"href":"https:\/\/myspainfood.com\/lv\/wp-json\/wp\/v2\/media\/38708"}],"wp:attachment":[{"href":"https:\/\/myspainfood.com\/lv\/wp-json\/wp\/v2\/media?parent=38706"}],"wp:term":[{"taxonomy":"product_brand","embeddable":true,"href":"https:\/\/myspainfood.com\/lv\/wp-json\/wp\/v2\/product_brand?post=38706"},{"taxonomy":"product_cat","embeddable":true,"href":"https:\/\/myspainfood.com\/lv\/wp-json\/wp\/v2\/product_cat?post=38706"},{"taxonomy":"product_tag","embeddable":true,"href":"https:\/\/myspainfood.com\/lv\/wp-json\/wp\/v2\/product_tag?post=38706"}],"curies":[{"name":"wp","href":"https:\/\/api.w.org\/{rel}","templated":true}]}}