{"id":40442,"date":"2025-04-10T12:12:57","date_gmt":"2025-04-10T10:12:57","guid":{"rendered":"https:\/\/myspainfood.com\/producto\/la-vieja-fabrica-avenu-ievarijums-280-g\/"},"modified":"2025-09-02T10:52:54","modified_gmt":"2025-09-02T08:52:54","slug":"la-vieja-fabrica-avenu-ievarijums-280-g","status":"publish","type":"product","link":"https:\/\/myspainfood.com\/lv\/producto\/la-vieja-fabrica-avenu-ievarijums-280-g\/","title":{"rendered":"La Vieja F\u00e1brica Ave\u0146u iev\u0101r\u012bjums 280 g"},"content":{"rendered":"<p>La Vieja F\u00e1brica ave\u0146u iev\u0101r\u012bjums ir gard\u0113\u017eu produkts, kas izce\u013cas ar savu intens\u012bvo gar\u0161u un pagatavo\u0161anu no augst\u0101k\u0101s kvalit\u0101tes sast\u0101vda\u013c\u0101m. \u0160is iev\u0101r\u012bjums, kas gatavots no svaig\u0101m un atlas\u012bt\u0101m aven\u0113m, sniedz unik\u0101lu gar\u0161as baud\u012bjumu, katr\u0101 kumos\u0101 izce\u013cot aug\u013cu b\u016bt\u012bbu. <\/p>\n<p><span class=\"info-key \"><strong>P\u0101rtikas produkta nosaukums<\/strong>:<\/span> ave\u0146u iev\u0101r\u012bjums<\/p>\n<p><span class=\"info-key \"><strong>Uz\u0146\u0113m\u0113ja nosaukums:<\/strong><\/span> \u00c1ngel Camacho Alimentaci\u00f3n, S.L.<\/p>\n<p><strong><span class=\"info-key \">Operatora adrese:<\/span><\/strong> del Pilar, 6 - 41530 Mor\u00f3n de la Frontera (Sevi\u013ca).<\/p>\n<p><span class=\"info-key \"><strong>P\u0101rtikas produkta izcelsmes vieta:<\/strong><\/span> Sp\u0101nijas izcelsmes produkts.<\/p>\n<p><strong><span class=\"info-key \">Neto daudzums:<\/span><\/strong> 350 g<\/p>\n<p><strong><span class=\"info-key \">Cita oblig\u0101t\u0101 inform\u0101cija uz eti\u0137etes:<\/span><\/strong> Ra\u017eots no 45 g avenes 100 g.<\/p>\n<p><strong>Kop\u0113jais cukura saturs<\/strong> 50 g uz 100 g.<\/p>\n","protected":false},"excerpt":{"rendered":"<p>La Vieja F\u00e1brica ave\u0146u iev\u0101r\u012bjums ir gard\u0113\u017eu produkts, kas izce\u013cas ar savu intens\u012bvo gar\u0161u un pagatavo\u0161anu no augst\u0101k\u0101s kvalit\u0101tes sast\u0101vda\u013c\u0101m. \u0160is iev\u0101r\u012bjums, kas gatavots no svaig\u0101m un atlas\u012bt\u0101m aven\u0113m, sniedz unik\u0101lu gar\u0161as baud\u012bjumu, katr\u0101 kumos\u0101 izce\u013cot aug\u013cu b\u016bt\u012bbu. P\u0101rtikas produkta nosaukums: ave\u0146u iev\u0101r\u012bjums Uz\u0146\u0113m\u0113ja nosaukums: \u00c1ngel Camacho Alimentaci\u00f3n, S.L. Operatora adrese: del Pilar, 6 - [&hellip;]<\/p>\n","protected":false},"featured_media":40448,"template":"","meta":{"_et_pb_use_builder":"","_et_pb_old_content":"","_et_gb_content_width":""},"product_brand":[1460],"product_cat":[1963],"product_tag":[],"class_list":{"0":"post-40442","1":"product","2":"type-product","3":"status-publish","4":"has-post-thumbnail","6":"product_brand-la-vieja-fabrica","7":"product_cat-saglaba","9":"first","10":"outofstock","11":"taxable","12":"shipping-taxable","13":"product-type-variable"},"_links":{"self":[{"href":"https:\/\/myspainfood.com\/lv\/wp-json\/wp\/v2\/product\/40442","targetHints":{"allow":["GET"]}}],"collection":[{"href":"https:\/\/myspainfood.com\/lv\/wp-json\/wp\/v2\/product"}],"about":[{"href":"https:\/\/myspainfood.com\/lv\/wp-json\/wp\/v2\/types\/product"}],"wp:featuredmedia":[{"embeddable":true,"href":"https:\/\/myspainfood.com\/lv\/wp-json\/wp\/v2\/media\/40448"}],"wp:attachment":[{"href":"https:\/\/myspainfood.com\/lv\/wp-json\/wp\/v2\/media?parent=40442"}],"wp:term":[{"taxonomy":"product_brand","embeddable":true,"href":"https:\/\/myspainfood.com\/lv\/wp-json\/wp\/v2\/product_brand?post=40442"},{"taxonomy":"product_cat","embeddable":true,"href":"https:\/\/myspainfood.com\/lv\/wp-json\/wp\/v2\/product_cat?post=40442"},{"taxonomy":"product_tag","embeddable":true,"href":"https:\/\/myspainfood.com\/lv\/wp-json\/wp\/v2\/product_tag?post=40442"}],"curies":[{"name":"wp","href":"https:\/\/api.w.org\/{rel}","templated":true}]}}