{"id":43674,"date":"2025-04-10T12:05:33","date_gmt":"2025-04-10T10:05:33","guid":{"rendered":"https:\/\/myspainfood.com\/producto\/olive-machacamoya\/"},"modified":"2025-04-10T12:05:33","modified_gmt":"2025-04-10T10:05:33","slug":"olive-machacamoya","status":"publish","type":"product","link":"https:\/\/myspainfood.com\/lv\/producto\/olive-machacamoya\/","title":{"rendered":"Olive Machacamoya"},"content":{"rendered":"<p>Machacamoya ol\u012bvas izce\u013cas ar t\u0101m rakstur\u012bgo r\u016bgto gar\u0161u. Izsmalcin\u0101t\u0101kajiem gar\u0161as k\u0101rpi\u0146\u0101m t\u0101 ir ov\u0101la ol\u012bva, kas gar\u0161ota ar \u0137iplokiem un papriku, arom\u0101tiskiem gar\u0161augiem un eti\u0137i. T\u0101 ir \u013coti iecien\u012bta ol\u012bva b\u0101ru b\u0101ros. T\u0101s lieliski sader ar sp\u0101\u0146u v\u012bnu vai gl\u0101zi alus.   <\/p>\n","protected":false},"excerpt":{"rendered":"<p>Machacamoya ol\u012bvas izce\u013cas ar t\u0101m rakstur\u012bgo r\u016bgto gar\u0161u. Izsmalcin\u0101t\u0101kajiem gar\u0161as k\u0101rpi\u0146\u0101m t\u0101 ir ov\u0101la ol\u012bva, kas gar\u0161ota ar \u0137iplokiem un papriku, arom\u0101tiskiem gar\u0161augiem un eti\u0137i. T\u0101 ir \u013coti iecien\u012bta ol\u012bva b\u0101ru b\u0101ros. T\u0101s lieliski sader ar sp\u0101\u0146u v\u012bnu vai gl\u0101zi alus.<\/p>\n","protected":false},"featured_media":43679,"template":"","meta":{"_et_pb_use_builder":"","_et_pb_old_content":"","_et_gb_content_width":""},"product_brand":[1057],"product_cat":[1731,1729],"product_tag":[8941],"class_list":{"0":"post-43674","1":"product","2":"type-product","3":"status-publish","4":"has-post-thumbnail","6":"product_brand-la-encajera","7":"product_cat-olivas","8":"product_cat-pickles-lv","9":"product_tag-machacamoya-lv","11":"first","12":"outofstock","13":"taxable","14":"shipping-taxable","15":"product-type-variable"},"_links":{"self":[{"href":"https:\/\/myspainfood.com\/lv\/wp-json\/wp\/v2\/product\/43674","targetHints":{"allow":["GET"]}}],"collection":[{"href":"https:\/\/myspainfood.com\/lv\/wp-json\/wp\/v2\/product"}],"about":[{"href":"https:\/\/myspainfood.com\/lv\/wp-json\/wp\/v2\/types\/product"}],"wp:featuredmedia":[{"embeddable":true,"href":"https:\/\/myspainfood.com\/lv\/wp-json\/wp\/v2\/media\/43679"}],"wp:attachment":[{"href":"https:\/\/myspainfood.com\/lv\/wp-json\/wp\/v2\/media?parent=43674"}],"wp:term":[{"taxonomy":"product_brand","embeddable":true,"href":"https:\/\/myspainfood.com\/lv\/wp-json\/wp\/v2\/product_brand?post=43674"},{"taxonomy":"product_cat","embeddable":true,"href":"https:\/\/myspainfood.com\/lv\/wp-json\/wp\/v2\/product_cat?post=43674"},{"taxonomy":"product_tag","embeddable":true,"href":"https:\/\/myspainfood.com\/lv\/wp-json\/wp\/v2\/product_tag?post=43674"}],"curies":[{"name":"wp","href":"https:\/\/api.w.org\/{rel}","templated":true}]}}