{"id":46357,"date":"2025-04-10T12:07:16","date_gmt":"2025-04-10T10:07:16","guid":{"rendered":"https:\/\/myspainfood.com\/producto\/ribera-senorio-de-nava-2022-jaunais-vins\/"},"modified":"2025-04-10T12:07:16","modified_gmt":"2025-04-10T10:07:16","slug":"ribera-senorio-de-nava-2022-jaunais-vins","status":"publish","type":"product","link":"https:\/\/myspainfood.com\/lv\/producto\/ribera-senorio-de-nava-2022-jaunais-vins\/","title":{"rendered":"Ribera. Se\u00f1or\u00edo de Nava 2022 jaunais v\u012bns"},"content":{"rendered":"<p>Degust\u0101cijas notis \u0136ir\u0161u sarkana kr\u0101sa, labi kl\u0101ta, ar gran\u0101ta apmali; ener\u0123isks un jaunekl\u012bgs izskats, elegants, spilgts, nep\u0101rprotams, kas piepilda gl\u0101zi ar sarkan\u0101m me\u017e\u0123\u012bn\u0113m, kad tas kr\u012bt no pudeles. Sare\u017e\u0123\u012bts un smalks arom\u0101ts; \u013coti notur\u012bgs gar\u0161vielu arom\u0101ts ar balzamiko arom\u0101ta, grauzd\u0113tas kafijas un lakricas arom\u0101ta kulmin\u0101ciju. Mutes dobum\u0101 v\u012bns ir koncentr\u0113ts, ar lielisku strukt\u016bru, bag\u0101t\u012bgs, ar labu tan\u012bna saturu, l\u012bdzsvarots, ar maigu piesk\u0101rienu un atst\u0101j smalkuma saj\u016btu. Elegants, ar pla\u0161u saj\u016btu gammu.   <\/p>\n<p>Gastronomija Ieteicamie \u0113dieni Pie ga\u013cas, ziv\u012bm, cepe\u0161iem un svaigiem sieriem.<\/p>\n","protected":false},"excerpt":{"rendered":"<p>Degust\u0101cijas notis \u0136ir\u0161u sarkana kr\u0101sa, labi kl\u0101ta, ar gran\u0101ta apmali; ener\u0123isks un jaunekl\u012bgs izskats, elegants, spilgts, nep\u0101rprotams, kas piepilda gl\u0101zi ar sarkan\u0101m me\u017e\u0123\u012bn\u0113m, kad tas kr\u012bt no pudeles. Sare\u017e\u0123\u012bts un smalks arom\u0101ts; \u013coti notur\u012bgs gar\u0161vielu arom\u0101ts ar balzamiko arom\u0101ta, grauzd\u0113tas kafijas un lakricas arom\u0101ta kulmin\u0101ciju. Mutes dobum\u0101 v\u012bns ir koncentr\u0113ts, ar lielisku strukt\u016bru, bag\u0101t\u012bgs, ar [&hellip;]<\/p>\n","protected":false},"featured_media":46368,"template":"","meta":{"_et_pb_use_builder":"","_et_pb_old_content":"","_et_gb_content_width":""},"product_brand":[1224],"product_cat":[4859,5257],"product_tag":[5259],"class_list":{"0":"post-46357","1":"product","2":"type-product","3":"status-publish","4":"has-post-thumbnail","6":"product_brand-senorio-de-nava","7":"product_cat-dzerieni","8":"product_cat-vins-lv","9":"product_tag-audzinasana","11":"first","12":"outofstock","13":"taxable","14":"shipping-taxable","15":"product-type-variable"},"_links":{"self":[{"href":"https:\/\/myspainfood.com\/lv\/wp-json\/wp\/v2\/product\/46357","targetHints":{"allow":["GET"]}}],"collection":[{"href":"https:\/\/myspainfood.com\/lv\/wp-json\/wp\/v2\/product"}],"about":[{"href":"https:\/\/myspainfood.com\/lv\/wp-json\/wp\/v2\/types\/product"}],"wp:featuredmedia":[{"embeddable":true,"href":"https:\/\/myspainfood.com\/lv\/wp-json\/wp\/v2\/media\/46368"}],"wp:attachment":[{"href":"https:\/\/myspainfood.com\/lv\/wp-json\/wp\/v2\/media?parent=46357"}],"wp:term":[{"taxonomy":"product_brand","embeddable":true,"href":"https:\/\/myspainfood.com\/lv\/wp-json\/wp\/v2\/product_brand?post=46357"},{"taxonomy":"product_cat","embeddable":true,"href":"https:\/\/myspainfood.com\/lv\/wp-json\/wp\/v2\/product_cat?post=46357"},{"taxonomy":"product_tag","embeddable":true,"href":"https:\/\/myspainfood.com\/lv\/wp-json\/wp\/v2\/product_tag?post=46357"}],"curies":[{"name":"wp","href":"https:\/\/api.w.org\/{rel}","templated":true}]}}