{"id":40415,"date":"2025-04-10T12:12:57","date_gmt":"2025-04-10T10:12:57","guid":{"rendered":"https:\/\/myspainfood.com\/producto\/dzem-malinowy-la-vieja-fabrica-280-g\/"},"modified":"2025-04-10T12:12:57","modified_gmt":"2025-04-10T10:12:57","slug":"dzem-malinowy-la-vieja-fabrica-280-g","status":"publish","type":"product","link":"https:\/\/myspainfood.com\/pl\/producto\/dzem-malinowy-la-vieja-fabrica-280-g\/","title":{"rendered":"D\u017cem malinowy La Vieja F\u00e1brica 280 g"},"content":{"rendered":"<p>D\u017cem malinowy La Vieja F\u00e1brica to produkt dla smakoszy, kt\u00f3ry wyr\u00f3\u017cnia si\u0119 intensywnym smakiem i przygotowaniem z najwy\u017cszej jako\u015bci sk\u0142adnik\u00f3w. Wyprodukowany ze \u015bwie\u017cych i wyselekcjonowanych malin, d\u017cem ten oferuje wyj\u0105tkowe doznania smakowe, oddaj\u0105c esencj\u0119 owocu w ka\u017cdym k\u0119sie. <\/p>\n<p><span class=\"info-key \"><strong>Nazwa produktu spo\u017cywczego<\/strong>:<\/span> D\u017cem malinowy<\/p>\n<p><span class=\"info-key \"><strong>Nazwa podmiotu gospodarczego<\/strong>:<\/span> \u00c1ngel Camacho Alimentaci\u00f3n, S.L.<\/p>\n<p><strong><span class=\"info-key \">Adres operatora:<\/span><\/strong> Avda. del Pilar, 6 - 41530 Mor\u00f3n de la Frontera (Sewilla).<\/p>\n<p><span class=\"info-key \"><strong>Miejsce pochodzenia \u015brodka spo\u017cywczego<\/strong>:<\/span> Produkt Hiszpanii<\/p>\n<p><strong><span class=\"info-key \">Ilo\u015b\u0107 netto:<\/span><\/strong> 350 g<\/p>\n<p><strong><span class=\"info-key \">Inne obowi\u0105zkowe informacje na etykiecie:<\/span><\/strong> Wyprodukowano z 45 g malin na 100 g.<\/p>\n<p><strong>Ca\u0142kowita zawarto\u015b\u0107 cukru<\/strong> 50 g na 100 g.<\/p>\n","protected":false},"excerpt":{"rendered":"<p>D\u017cem malinowy La Vieja F\u00e1brica to produkt dla smakoszy, kt\u00f3ry wyr\u00f3\u017cnia si\u0119 intensywnym smakiem i przygotowaniem z najwy\u017cszej jako\u015bci sk\u0142adnik\u00f3w. Wyprodukowany ze \u015bwie\u017cych i wyselekcjonowanych malin, d\u017cem ten oferuje wyj\u0105tkowe doznania smakowe, oddaj\u0105c esencj\u0119 owocu w ka\u017cdym k\u0119sie. Nazwa produktu spo\u017cywczego: D\u017cem malinowy Nazwa podmiotu gospodarczego: \u00c1ngel Camacho Alimentaci\u00f3n, S.L. Adres operatora: Avda. del Pilar, [&hellip;]<\/p>\n","protected":false},"featured_media":14449,"template":"","meta":{"_et_pb_use_builder":"","_et_pb_old_content":"","_et_gb_content_width":""},"product_brand":[1460],"product_cat":[1969],"product_tag":[],"class_list":{"0":"post-40415","1":"product","2":"type-product","3":"status-publish","4":"has-post-thumbnail","6":"product_brand-la-vieja-fabrica","7":"product_cat-konserwy","9":"first","10":"outofstock","11":"taxable","12":"shipping-taxable","13":"product-type-variable"},"_links":{"self":[{"href":"https:\/\/myspainfood.com\/pl\/wp-json\/wp\/v2\/product\/40415","targetHints":{"allow":["GET"]}}],"collection":[{"href":"https:\/\/myspainfood.com\/pl\/wp-json\/wp\/v2\/product"}],"about":[{"href":"https:\/\/myspainfood.com\/pl\/wp-json\/wp\/v2\/types\/product"}],"wp:featuredmedia":[{"embeddable":true,"href":"https:\/\/myspainfood.com\/pl\/wp-json\/wp\/v2\/media\/14449"}],"wp:attachment":[{"href":"https:\/\/myspainfood.com\/pl\/wp-json\/wp\/v2\/media?parent=40415"}],"wp:term":[{"taxonomy":"product_brand","embeddable":true,"href":"https:\/\/myspainfood.com\/pl\/wp-json\/wp\/v2\/product_brand?post=40415"},{"taxonomy":"product_cat","embeddable":true,"href":"https:\/\/myspainfood.com\/pl\/wp-json\/wp\/v2\/product_cat?post=40415"},{"taxonomy":"product_tag","embeddable":true,"href":"https:\/\/myspainfood.com\/pl\/wp-json\/wp\/v2\/product_tag?post=40415"}],"curies":[{"name":"wp","href":"https:\/\/api.w.org\/{rel}","templated":true}]}}