{"id":48077,"date":"2025-04-10T12:06:39","date_gmt":"2025-04-10T10:06:39","guid":{"rendered":"https:\/\/myspainfood.com\/producto\/ardei-piquillo-intregi-extra-mateo\/"},"modified":"2025-04-10T12:06:39","modified_gmt":"2025-04-10T10:06:39","slug":"ardei-piquillo-intregi-extra-mateo","status":"publish","type":"product","link":"https:\/\/myspainfood.com\/ro\/producto\/ardei-piquillo-intregi-extra-mateo\/","title":{"rendered":"Ardei piquillo \u00eentregi extra Mateo"},"content":{"rendered":"<p>Ardei piquillo \u00eentregi extra Mateo este un <a href=\"https:\/\/twitter.com\/mca_spain\" target=\"_blank\" rel=\"noopener noreferrer nofollow\">produs al MCA Spania<\/a>.<\/p>\n<p>Ingrediente: Ardei Piquillo, usturoi, sare \u0219i acidifiant: acid citric.<\/p>\n<p>Odat\u0103 deschis, se p\u0103streaz\u0103 la frigider \u0219i se consum\u0103 de preferin\u021b\u0103 \u00een termen de 5 zile.<\/p>\n<p>La Viuda de Mateo este una dintre m\u0103rcile comerciale sub care grupul MCA Spania iese pe pia\u021b\u0103.<\/p>\n<p>MCA Spania \u00ee\u0219i are originea \u00een experien\u021ba lui Carlos Ripa, actualul s\u0103u director general, dup\u0103 un deceniu de lucru \u00eentr-o afacere de familie legat\u0103 de sectorul alimentar cu am\u0103nuntul.<\/p>\n<p>Cu toate acestea, la mijlocul anilor 1980, Ripa \u0219i-a lansat propriul proiect personal \u00een ora\u0219ul s\u0103u natal (Mendavia, Navarra): o companie de conserve, MCA Spania.<\/p>\n<p>Aceast\u0103 companie s-a pozi\u021bionat, din conservele de legume \u0219i conservele de pe\u0219te, \u00een prima divizie a sectorului agroalimentar spaniol.<\/p>\n<p>O dezvoltare spectaculoas\u0103 care nu ar fi fost posibil\u0103 f\u0103r\u0103 o echip\u0103 de prim\u0103 clas\u0103 \u0219i o voca\u021bie pentru serviciul clien\u021bi.<\/p>\n<p>Dac\u0103 dori\u021bi s\u0103 cump\u0103ra\u021bi ardei piquillo \u00eentregi extra Mateo sau orice alt tip de <a href=\"https:\/\/latiendadesami.com\/categoria-producto\/conservas\/\" rel=\"noopener noreferrer nofollow\" target=\"_blank\">conserv\u0103<\/a>, nu ezita\u021bi s\u0103 arunca\u021bi o privire la catalogul nostru online.<\/p>\n<p>Avem cea mai bun\u0103 calitate la cel mai bun pre\u021b.<\/p>\n<p>Scrie\u021bi-ne pentru mai multe informa\u021bii sau dac\u0103 ave\u021bi \u00eentreb\u0103ri cu privire la acest produs sau la orice alt produs din catalogul nostru.<\/p>\n","protected":false},"excerpt":{"rendered":"<p>Ardei piquillo \u00eentregi extra Mateo este un produs al MCA Spania. Ingrediente: Ardei Piquillo, usturoi, sare \u0219i acidifiant: acid citric. Odat\u0103 deschis, se p\u0103streaz\u0103 la frigider \u0219i se consum\u0103 de preferin\u021b\u0103 \u00een termen de 5 zile. La Viuda de Mateo este una dintre m\u0103rcile comerciale sub care grupul MCA Spania iese pe pia\u021b\u0103. MCA Spania [&hellip;]<\/p>\n","protected":false},"featured_media":8699,"template":"","meta":{"_et_pb_use_builder":"","_et_pb_old_content":"","_et_gb_content_width":""},"product_brand":[1129],"product_cat":[2307,1975],"product_tag":[4816],"class_list":{"0":"post-48077","1":"product","2":"type-product","3":"status-publish","4":"has-post-thumbnail","6":"product_brand-mateo","7":"product_cat-ardei","8":"product_cat-conserve-ro","9":"product_tag-piquillo-ro","11":"first","12":"outofstock","13":"taxable","14":"shipping-taxable","15":"purchasable","16":"product-type-simple"},"_links":{"self":[{"href":"https:\/\/myspainfood.com\/ro\/wp-json\/wp\/v2\/product\/48077","targetHints":{"allow":["GET"]}}],"collection":[{"href":"https:\/\/myspainfood.com\/ro\/wp-json\/wp\/v2\/product"}],"about":[{"href":"https:\/\/myspainfood.com\/ro\/wp-json\/wp\/v2\/types\/product"}],"wp:featuredmedia":[{"embeddable":true,"href":"https:\/\/myspainfood.com\/ro\/wp-json\/wp\/v2\/media\/8699"}],"wp:attachment":[{"href":"https:\/\/myspainfood.com\/ro\/wp-json\/wp\/v2\/media?parent=48077"}],"wp:term":[{"taxonomy":"product_brand","embeddable":true,"href":"https:\/\/myspainfood.com\/ro\/wp-json\/wp\/v2\/product_brand?post=48077"},{"taxonomy":"product_cat","embeddable":true,"href":"https:\/\/myspainfood.com\/ro\/wp-json\/wp\/v2\/product_cat?post=48077"},{"taxonomy":"product_tag","embeddable":true,"href":"https:\/\/myspainfood.com\/ro\/wp-json\/wp\/v2\/product_tag?post=48077"}],"curies":[{"name":"wp","href":"https:\/\/api.w.org\/{rel}","templated":true}]}}