{"id":38658,"date":"2025-04-10T12:09:11","date_gmt":"2025-04-10T10:09:11","guid":{"rendered":"https:\/\/myspainfood.com\/producto\/laktosfri-blandost-250-gr-el-gran-cardenal\/"},"modified":"2025-06-24T13:36:28","modified_gmt":"2025-06-24T11:36:28","slug":"laktosfri-blandost-250-gr-el-gran-cardenal","status":"publish","type":"product","link":"https:\/\/myspainfood.com\/sv\/producto\/laktosfri-blandost-250-gr-el-gran-cardenal\/","title":{"rendered":"Laktosfri blandost 250 gr El Gran Cardenal"},"content":{"rendered":"<div class=\"et_pb_blurb_container\">\n<div class=\"et_pb_blurb_container\">\n<div class=\"et_pb_blurb_container\">\n<h4 class=\"et_pb_module_header\">Laktosfri blandning<\/h4>\n<div class=\"et_pb_blurb_description\">Laktosintoleranta beh\u00f6ver inte l\u00e4ngre avst\u00e5 fr\u00e5n en god ost.<\/p>\n<p>Tillverkad av f\u00e5r- och komj\u00f6lk, som behandlats p\u00e5 l\u00e4mpligt s\u00e4tt f\u00f6r att eliminera laktos, f\u00e5r vi en ost med mild intensitet, kr\u00e4mig konsistens och n\u00e5got s\u00f6t smak.<\/p>\n<p>Resten av familjen kommer ocks\u00e5 att gilla den.<\/p><\/div>\n<\/div>\n<\/div>\n<\/div>\n","protected":false},"excerpt":{"rendered":"<p>Laktosfri blandning Laktosintoleranta beh\u00f6ver inte l\u00e4ngre avst\u00e5 fr\u00e5n en god ost. Tillverkad av f\u00e5r- och komj\u00f6lk, som behandlats p\u00e5 l\u00e4mpligt s\u00e4tt f\u00f6r att eliminera laktos, f\u00e5r vi en ost med mild intensitet, kr\u00e4mig konsistens och n\u00e5got s\u00f6t smak. Resten av familjen kommer ocks\u00e5 att gilla den.<\/p>\n","protected":false},"featured_media":11760,"template":"","meta":{"_et_pb_use_builder":"","_et_pb_old_content":"","_et_gb_content_width":""},"product_brand":[1319],"product_cat":[2726,1804,2254],"product_tag":[],"class_list":{"0":"post-38658","1":"product","2":"type-product","3":"status-publish","4":"has-post-thumbnail","6":"product_brand-el-gran-cardenal","7":"product_cat-hardning","8":"product_cat-kall","9":"product_cat-ost-och-korv","10":"product_shipping_class-kall-sandning","12":"first","13":"outofstock","14":"sale","15":"taxable","16":"shipping-taxable","17":"purchasable","18":"product-type-simple"},"_links":{"self":[{"href":"https:\/\/myspainfood.com\/sv\/wp-json\/wp\/v2\/product\/38658","targetHints":{"allow":["GET"]}}],"collection":[{"href":"https:\/\/myspainfood.com\/sv\/wp-json\/wp\/v2\/product"}],"about":[{"href":"https:\/\/myspainfood.com\/sv\/wp-json\/wp\/v2\/types\/product"}],"wp:featuredmedia":[{"embeddable":true,"href":"https:\/\/myspainfood.com\/sv\/wp-json\/wp\/v2\/media\/11760"}],"wp:attachment":[{"href":"https:\/\/myspainfood.com\/sv\/wp-json\/wp\/v2\/media?parent=38658"}],"wp:term":[{"taxonomy":"product_brand","embeddable":true,"href":"https:\/\/myspainfood.com\/sv\/wp-json\/wp\/v2\/product_brand?post=38658"},{"taxonomy":"product_cat","embeddable":true,"href":"https:\/\/myspainfood.com\/sv\/wp-json\/wp\/v2\/product_cat?post=38658"},{"taxonomy":"product_tag","embeddable":true,"href":"https:\/\/myspainfood.com\/sv\/wp-json\/wp\/v2\/product_tag?post=38658"}],"curies":[{"name":"wp","href":"https:\/\/api.w.org\/{rel}","templated":true}]}}