{"id":44816,"date":"2025-04-10T12:05:33","date_gmt":"2025-04-10T10:05:33","guid":{"rendered":"https:\/\/myspainfood.com\/producto\/oliv-machacamoya\/"},"modified":"2025-04-10T12:05:33","modified_gmt":"2025-04-10T10:05:33","slug":"oliv-machacamoya","status":"publish","type":"product","link":"https:\/\/myspainfood.com\/sv\/producto\/oliv-machacamoya\/","title":{"rendered":"Oliv Machacamoya"},"content":{"rendered":"<p>Machacamoya-oljan utm\u00e4rker sig f\u00f6r sin typiska bittra smak. F\u00f6r de mest utvalda gommarna \u00e4r det en oval oliv, kryddad med vitl\u00f6k och paprika, aromatiska \u00f6rter och vin\u00e4ger. Det \u00e4r en mycket popul\u00e4r oliv i barerna. Perfekt att kombinera med ett spanskt vin eller ett glas \u00f6l.   <\/p>\n","protected":false},"excerpt":{"rendered":"<p>Machacamoya-oljan utm\u00e4rker sig f\u00f6r sin typiska bittra smak. F\u00f6r de mest utvalda gommarna \u00e4r det en oval oliv, kryddad med vitl\u00f6k och paprika, aromatiska \u00f6rter och vin\u00e4ger. Det \u00e4r en mycket popul\u00e4r oliv i barerna. Perfekt att kombinera med ett spanskt vin eller ett glas \u00f6l.<\/p>\n","protected":false},"featured_media":7674,"template":"","meta":{"_et_pb_use_builder":"","_et_pb_old_content":"","_et_gb_content_width":""},"product_brand":[1057],"product_cat":[1585,1586],"product_tag":[9314],"class_list":{"0":"post-44816","1":"product","2":"type-product","3":"status-publish","4":"has-post-thumbnail","6":"product_brand-la-encajera","7":"product_cat-inlagda-gronsaker","8":"product_cat-oliver","9":"product_tag-machacamoya-sv","11":"first","12":"outofstock","13":"taxable","14":"shipping-taxable","15":"product-type-variable"},"_links":{"self":[{"href":"https:\/\/myspainfood.com\/sv\/wp-json\/wp\/v2\/product\/44816","targetHints":{"allow":["GET"]}}],"collection":[{"href":"https:\/\/myspainfood.com\/sv\/wp-json\/wp\/v2\/product"}],"about":[{"href":"https:\/\/myspainfood.com\/sv\/wp-json\/wp\/v2\/types\/product"}],"wp:featuredmedia":[{"embeddable":true,"href":"https:\/\/myspainfood.com\/sv\/wp-json\/wp\/v2\/media\/7674"}],"wp:attachment":[{"href":"https:\/\/myspainfood.com\/sv\/wp-json\/wp\/v2\/media?parent=44816"}],"wp:term":[{"taxonomy":"product_brand","embeddable":true,"href":"https:\/\/myspainfood.com\/sv\/wp-json\/wp\/v2\/product_brand?post=44816"},{"taxonomy":"product_cat","embeddable":true,"href":"https:\/\/myspainfood.com\/sv\/wp-json\/wp\/v2\/product_cat?post=44816"},{"taxonomy":"product_tag","embeddable":true,"href":"https:\/\/myspainfood.com\/sv\/wp-json\/wp\/v2\/product_tag?post=44816"}],"curies":[{"name":"wp","href":"https:\/\/api.w.org\/{rel}","templated":true}]}}